{"id":28,"date":"2022-12-05T11:19:40","date_gmt":"2022-12-05T11:19:40","guid":{"rendered":"http:\/\/localhost:8888\/FFSV\/?page_id=28"},"modified":"2022-12-06T10:40:32","modified_gmt":"2022-12-06T10:40:32","slug":"historik","status":"publish","type":"page","link":"https:\/\/ffsv.info\/?page_id=28","title":{"rendered":"Historik"},"content":{"rendered":"<h5 style=\"text-align: justify;\"><img loading=\"lazy\" decoding=\"async\" width=\"310\" height=\"500\" class=\"alignright size-medium wp-image-240\" title=\"stadgar faksimil_web\" src=\"http:\/\/ffsv.info\/wp-content\/uploads\/2011\/03\/stadgar-faksimil_web-310x500.jpg\" alt=\"\" srcset=\"https:\/\/ffsv.info\/wp-content\/uploads\/2011\/03\/stadgar-faksimil_web-310x500.jpg 310w, https:\/\/ffsv.info\/wp-content\/uploads\/2011\/03\/stadgar-faksimil_web-635x1024.jpg 635w, https:\/\/ffsv.info\/wp-content\/uploads\/2011\/03\/stadgar-faksimil_web.jpg 745w\" sizes=\"auto, (max-width: 310px) 100vw, 310px\" \/><span style=\"color: #800000;\">Utdrag ur Historik skriven av Per Elfvik i F\u00f6reningens skrift nr IX (utgiven 1985):<\/span><\/h5>\n<p style=\"text-align: left;\">D\u00e5 Anders Karitz 1934 tilltr\u00e4tt professuren i\u00a0teoretisk filosofi i Uppsala, fann han, attden\u00a0d\u00e5varande Filosofiska f\u00f6reningen, som helst\u00a0\u00e4gnade sig \u00e5t begreppsanalytiskadiskussioner, ej visade n\u00e5got intresse f\u00f6r specialvetenskapernas kunskapsstoff. Karitz f\u00f6reslog d\u00e4rf\u00f6r att Filosofiska f\u00f6reningen skulle taga upp\u00a0till diskussion problem, h\u00f6rande till gr\u00e4nsomr\u00e5dena mellan filosofi och fackvetenskap.\u00a0F\u00f6reningens styrelse sade nej. \u2026 I detta l\u00e4ge\u00a0v\u00e4nde sig akademiska l\u00e4rare och studenter\u00a0vid universitetet till Professor Karitz med\u00a0anh\u00e5llan, att denne m\u00e5tte s\u00f6ka f\u00e5 till st\u00e5nd\u00a0en ny f\u00f6rening f\u00f6r dem, som ins\u00e5g vikten\u00a0av ett intimt samarbete mellan filosofin\u00a0och olika specialvetenskaper \u2026 Efter tillg\u00e4ngliga protokoll togs det formella initiativet vid en sammankomst den 1 april 1935\u00a0\u2026 Enligt \u00a7 2 i det uppr\u00e4ttade protokollet avs\u00e5g m\u00f6tet \u201datt bilda en f\u00f6rening f\u00f6r samarbete mellan filosofin och specialvetenskaperna och att diskutera dess organisation. \u2026 Kamratlighet, saklighet och sinne f\u00f6r humor skulle bilda grundst\u00e4mningen i den med utblickar mot de andra forskningsgrenarna p\u00e5t\u00e4nkta i sammanslutningen\u201d. \u2026 Man diskuterade olika namnf\u00f6rslag s\u00e5som \u201dMinerva\u201d och \u201dIdea\u201d. Eftersom det ans\u00e5gs viktigt att tydligt ange f\u00f6reningens fullkomligt nya orientering med sikte p\u00e5 fackvetenskaperna antogs p\u00e5 f\u00f6rslag av professor Karitz namnet \u201dF\u00f6reningen f\u00f6r filosofi och specialvetenskap\u201d. \u2026 Efter ytterligare \u00f6versyn av stadgarna fastst\u00e4lldes dessa p\u00e5 ett allm\u00e4nt sammantr\u00e4de den 28 september 1935.<br \/>\n\u2026 Sedan m\u00e5nga \u00e5r samlas medlemmarna efter f\u00f6redraget till eftersits vid en tesup\u00e9,\u00a0vilket blivit f\u00f6reningens signum. \u2026<\/p>\n<p style=\"text-align: left;\">Samtliga f\u00f6redrag och f\u00f6redragsh\u00e5llare fr\u00e5n 1935 \u00e5terfinns <a href=\"http:\/\/ffsv.info\/?page_id=9\">h\u00e4r<\/a>.<\/p>\n","protected":false},"excerpt":{"rendered":"<p>Utdrag ur Historik skriven av Per Elfvik i F\u00f6reningens skrift nr IX (utgiven 1985): D\u00e5 Anders Karitz 1934 tilltr\u00e4tt professuren i\u00a0teoretisk filosofi i Uppsala, fann han, attden\u00a0d\u00e5varande Filosofiska f\u00f6reningen, som helst\u00a0\u00e4gnade sig \u00e5t begreppsanalytiskadiskussioner, ej visade n\u00e5got intresse f\u00f6r specialvetenskapernas kunskapsstoff. Karitz f\u00f6reslog d\u00e4rf\u00f6r att Filosofiska f\u00f6reningen skulle taga upp\u00a0till diskussion problem, h\u00f6rande till gr\u00e4nsomr\u00e5dena [&hellip;]<\/p>\n","protected":false},"author":7,"featured_media":0,"parent":0,"menu_order":1,"comment_status":"closed","ping_status":"closed","template":"","meta":{"footnotes":""},"class_list":["post-28","page","type-page","status-publish","hentry"],"_links":{"self":[{"href":"https:\/\/ffsv.info\/index.php?rest_route=\/wp\/v2\/pages\/28","targetHints":{"allow":["GET"]}}],"collection":[{"href":"https:\/\/ffsv.info\/index.php?rest_route=\/wp\/v2\/pages"}],"about":[{"href":"https:\/\/ffsv.info\/index.php?rest_route=\/wp\/v2\/types\/page"}],"author":[{"embeddable":true,"href":"https:\/\/ffsv.info\/index.php?rest_route=\/wp\/v2\/users\/7"}],"replies":[{"embeddable":true,"href":"https:\/\/ffsv.info\/index.php?rest_route=%2Fwp%2Fv2%2Fcomments&post=28"}],"version-history":[{"count":1,"href":"https:\/\/ffsv.info\/index.php?rest_route=\/wp\/v2\/pages\/28\/revisions"}],"predecessor-version":[{"id":12890,"href":"https:\/\/ffsv.info\/index.php?rest_route=\/wp\/v2\/pages\/28\/revisions\/12890"}],"wp:attachment":[{"href":"https:\/\/ffsv.info\/index.php?rest_route=%2Fwp%2Fv2%2Fmedia&parent=28"}],"curies":[{"name":"wp","href":"https:\/\/api.w.org\/{rel}","templated":true}]}}